{"id":33611,"date":"2022-05-08T14:52:28","date_gmt":"2022-05-08T12:52:28","guid":{"rendered":"https:\/\/geno-prog.ch\/?post_type=product&#038;p=33611"},"modified":"2024-12-02T19:41:55","modified_gmt":"2024-12-02T18:41:55","slug":"m5_f90_lci_led","status":"publish","type":"product","link":"https:\/\/geno-prog.ch\/de\/produkt\/m5_f90_lci_led\/","title":{"rendered":"Facelift-R\u00fcckleuchten f\u00fcr Serie 5 G30\/G31\/G38 und (M5 F90)"},"content":{"rendered":"<h3 class=\"p1\">Wir bieten Ihnen den Einbau von Original BMW Facelift-Leuchten in Ihren 5er oder M5 an.<\/h3>\n<p>&nbsp;<\/p>\n<h4 class=\"p1\">Welche Teile sind in diesem Set enthalten?<\/h4>\n<p class=\"p1\">Die 4 R\u00fcckleuchten (au\u00dfen und innen am Kofferraum), die Regenrinnen, die Verkabelung sowie die Filter der Au\u00dfenleuchten, um einen sporadischen Defekt zu vermeiden.<\/p>\n<p>&nbsp;<\/p>\n<h4 class=\"p1\">Wie lange dauert die Installation?<\/h4>\n<p class=\"p1\">Je nach Softwareversion ist ein eint\u00e4giger Stillstand des Fahrzeugs erforderlich. Es besteht die M\u00f6glichkeit, die Installation am Samstag durchzuf\u00fchren.<\/p>\n<p>&nbsp;<\/p>\n<h4 class=\"p1\">Mein Fahrzeug wird umprogrammiert, verliere ich mit der Codierung die Verwaltung?<\/h4>\n<p class=\"p1\">Je nach Softwareversion ist ein Update des BCM-Moduls erforderlich, damit die neuen Leuchten funktionieren. Um den reibungslosen Betrieb der verschiedenen Steuerger\u00e4te, die miteinander kommunizieren, zu gew\u00e4hrleisten, f\u00fchren wir daher ein komplettes Update des Fahrzeugs durch.<\/p>\n<p class=\"p1\">Bei einem vollst\u00e4ndigen Update werden alle im Fahrzeug vorhandenen Steuerger\u00e4te neu programmiert. Folglich wird das Motorsteuerger\u00e4t neu geschrieben und ist somit wieder original.<\/p>\n<p>&nbsp;<\/p>\n<p>&nbsp;<\/p>\n<p>Ref: 63135A2AEC0<\/p>","protected":false},"excerpt":{"rendered":"<h4 class=\"p1\">Original BMW LCI-Facelift-Leuchten f\u00fcr G30, G31\/G38 und M5 F90 (einschlie\u00dflich Einbau und Programmierung\/Codierung).<\/h4>","protected":false},"featured_media":33612,"template":"","meta":{"_et_pb_use_builder":"","_et_pb_old_content":"","_et_gb_content_width":""},"product_brand":[],"product_cat":[50,281,285,73,80],"product_tag":[],"class_list":{"0":"post-33611","1":"product","2":"type-product","3":"status-publish","4":"has-post-thumbnail","6":"product_cat-bmw-lifestyle","7":"product_cat-m5-f90","8":"product_cat-retrofit","9":"product_cat-serie-5","10":"product_cat-serie-m","12":"first","13":"instock","14":"shipping-taxable","15":"product-type-external"},"yoast_head":"<!-- This site is optimized with the Yoast SEO Premium plugin v26.5 (Yoast SEO v27.4) - https:\/\/yoast.com\/product\/yoast-seo-premium-wordpress\/ -->\n<title>Feux arri\u00e8res Facelift pour s\u00e9rie 5 G30\/G31\/G38 et (M5 F90)<\/title>\n<meta name=\"description\" content=\"Feux Facelift LCI d\u2019origine BMW pour G30, G31\/G38 et M5 F90 (y compris installation et programmation\/codage). Rear LCI tail Ligt facelift 63135A2AEC0\" \/>\n<meta name=\"robots\" content=\"index, follow, max-snippet:-1, max-image-preview:large, max-video-preview:-1\" \/>\n<link rel=\"canonical\" href=\"https:\/\/geno-prog.ch\/de\/produkt\/m5_f90_lci_led\/\" \/>\n<meta property=\"og:locale\" content=\"de_DE\" \/>\n<meta property=\"og:type\" content=\"article\" \/>\n<meta property=\"og:title\" content=\"Feux arri\u00e8res Facelift pour s\u00e9rie 5 G30\/G31\/G38 et (M5 F90)\" \/>\n<meta property=\"og:description\" content=\"Feux Facelift LCI d\u2019origine BMW pour G30, G31\/G38 et M5 F90 (y compris installation et programmation\/codage). Rear LCI tail Ligt facelift 63135A2AEC0\" \/>\n<meta property=\"og:url\" content=\"https:\/\/geno-prog.ch\/de\/produkt\/m5_f90_lci_led\/\" \/>\n<meta property=\"og:site_name\" content=\"GenoProg\" \/>\n<meta property=\"article:publisher\" content=\"https:\/\/www.facebook.com\/genoprog\" \/>\n<meta property=\"article:modified_time\" content=\"2024-12-02T18:41:55+00:00\" \/>\n<meta property=\"og:image\" content=\"https:\/\/geno-prog.ch\/wp-content\/uploads\/2022\/05\/M5_F90_LCI_Light_LED.jpg\" \/>\n\t<meta property=\"og:image:width\" content=\"2202\" \/>\n\t<meta property=\"og:image:height\" content=\"1650\" \/>\n\t<meta property=\"og:image:type\" content=\"image\/jpeg\" \/>\n<meta name=\"twitter:card\" content=\"summary_large_image\" \/>\n<meta name=\"twitter:label1\" content=\"Preis\" \/>\n\t<meta name=\"twitter:data1\" content=\"&#067;&#072;&#070;&nbsp;1,300.00\" \/>\n\t<meta name=\"twitter:label2\" content=\"Verf\u00fcgbarkeit\" \/>\n\t<meta name=\"twitter:data2\" content=\"Auf Lager\" \/>\n<script type=\"application\/ld+json\" class=\"yoast-schema-graph\">{\"@context\":\"https:\\\/\\\/schema.org\",\"@graph\":[{\"@type\":\"WebPage\",\"@id\":\"https:\\\/\\\/geno-prog.ch\\\/produit\\\/m5_f90_lci_led\\\/\",\"url\":\"https:\\\/\\\/geno-prog.ch\\\/produit\\\/m5_f90_lci_led\\\/\",\"name\":\"Feux arri\u00e8res Facelift pour s\u00e9rie 5 G30\\\/G31\\\/G38 et (M5 F90)\",\"isPartOf\":{\"@id\":\"https:\\\/\\\/geno-prog.ch\\\/#website\"},\"primaryImageOfPage\":{\"@id\":\"https:\\\/\\\/geno-prog.ch\\\/produit\\\/m5_f90_lci_led\\\/#primaryimage\"},\"image\":{\"@id\":\"https:\\\/\\\/geno-prog.ch\\\/produit\\\/m5_f90_lci_led\\\/#primaryimage\"},\"thumbnailUrl\":\"https:\\\/\\\/geno-prog.ch\\\/wp-content\\\/uploads\\\/2022\\\/05\\\/M5_F90_LCI_Light_LED.jpg\",\"datePublished\":\"2022-05-08T12:52:28+00:00\",\"dateModified\":\"2024-12-02T18:41:55+00:00\",\"description\":\"Feux Facelift LCI d\u2019origine BMW pour G30, G31\\\/G38 et M5 F90 (y compris installation et programmation\\\/codage). Rear LCI tail Ligt facelift 63135A2AEC0\",\"breadcrumb\":{\"@id\":\"https:\\\/\\\/geno-prog.ch\\\/produit\\\/m5_f90_lci_led\\\/#breadcrumb\"},\"inLanguage\":\"de\",\"potentialAction\":[{\"@type\":\"ReadAction\",\"target\":[\"https:\\\/\\\/geno-prog.ch\\\/produit\\\/m5_f90_lci_led\\\/\"]}]},{\"@type\":\"ImageObject\",\"inLanguage\":\"de\",\"@id\":\"https:\\\/\\\/geno-prog.ch\\\/produit\\\/m5_f90_lci_led\\\/#primaryimage\",\"url\":\"https:\\\/\\\/geno-prog.ch\\\/wp-content\\\/uploads\\\/2022\\\/05\\\/M5_F90_LCI_Light_LED.jpg\",\"contentUrl\":\"https:\\\/\\\/geno-prog.ch\\\/wp-content\\\/uploads\\\/2022\\\/05\\\/M5_F90_LCI_Light_LED.jpg\",\"width\":2202,\"height\":1650,\"caption\":\"M5_F90_LCI_Light_LED\"},{\"@type\":\"BreadcrumbList\",\"@id\":\"https:\\\/\\\/geno-prog.ch\\\/produit\\\/m5_f90_lci_led\\\/#breadcrumb\",\"itemListElement\":[{\"@type\":\"ListItem\",\"position\":1,\"name\":\"Accueil\",\"item\":\"https:\\\/\\\/geno-prog.ch\\\/\"},{\"@type\":\"ListItem\",\"position\":2,\"name\":\"T\u00e9l\u00e9chargements\",\"item\":\"https:\\\/\\\/geno-prog.ch\\\/download\\\/\"},{\"@type\":\"ListItem\",\"position\":3,\"name\":\"Feux arri\u00e8res Facelift pour s\u00e9rie 5 G30\\\/G31\\\/G38 et (M5 F90)\"}]},{\"@type\":\"WebSite\",\"@id\":\"https:\\\/\\\/geno-prog.ch\\\/#website\",\"url\":\"https:\\\/\\\/geno-prog.ch\\\/\",\"name\":\"GenoProg\",\"description\":\"Sp\u00e9cialiste en \u00e9lectronique automobile BMW \\\/ MINI\",\"publisher\":{\"@id\":\"https:\\\/\\\/geno-prog.ch\\\/#organization\"},\"potentialAction\":[{\"@type\":\"SearchAction\",\"target\":{\"@type\":\"EntryPoint\",\"urlTemplate\":\"https:\\\/\\\/geno-prog.ch\\\/?s={search_term_string}\"},\"query-input\":{\"@type\":\"PropertyValueSpecification\",\"valueRequired\":true,\"valueName\":\"search_term_string\"}}],\"inLanguage\":\"de\"},{\"@type\":\"Organization\",\"@id\":\"https:\\\/\\\/geno-prog.ch\\\/#organization\",\"name\":\"GenoProg\",\"url\":\"https:\\\/\\\/geno-prog.ch\\\/\",\"logo\":{\"@type\":\"ImageObject\",\"inLanguage\":\"de\",\"@id\":\"https:\\\/\\\/geno-prog.ch\\\/#\\\/schema\\\/logo\\\/image\\\/\",\"url\":\"https:\\\/\\\/geno-prog.ch\\\/wp-content\\\/uploads\\\/2020\\\/03\\\/GenoProg_long.png\",\"contentUrl\":\"https:\\\/\\\/geno-prog.ch\\\/wp-content\\\/uploads\\\/2020\\\/03\\\/GenoProg_long.png\",\"width\":3086,\"height\":803,\"caption\":\"GenoProg\"},\"image\":{\"@id\":\"https:\\\/\\\/geno-prog.ch\\\/#\\\/schema\\\/logo\\\/image\\\/\"},\"sameAs\":[\"https:\\\/\\\/www.facebook.com\\\/genoprog\",\"https:\\\/\\\/www.instagram.com\\\/genoprog\\\/\",\"https:\\\/\\\/www.youtube.com\\\/channel\\\/UC5a5VYzbWdsHNYm2Qtu1F2w\"]}]}<\/script>\n<meta property=\"product:brand\" content=\"external\" \/>\n<meta property=\"product:price:amount\" content=\"1300.00\" \/>\n<meta property=\"product:price:currency\" content=\"CHF\" \/>\n<meta property=\"og:availability\" content=\"instock\" \/>\n<meta property=\"product:availability\" content=\"instock\" \/>\n<meta property=\"product:condition\" content=\"new\" \/>\n<!-- \/ Yoast SEO Premium plugin. -->","yoast_head_json":{"title":"Facelift-R\u00fcckleuchten f\u00fcr Serie 5 G30\/G31\/G38 und (M5 F90)","description":"Original BMW LCI Facelift-Leuchten f\u00fcr G30, G31\/G38 und M5 F90 (inkl. Einbau und Programmierung\/Codierung). Rear LCI tail Ligt facelift 63135A2AEC0","robots":{"index":"index","follow":"follow","max-snippet":"max-snippet:-1","max-image-preview":"max-image-preview:large","max-video-preview":"max-video-preview:-1"},"canonical":"https:\/\/geno-prog.ch\/de\/produkt\/m5_f90_lci_led\/","og_locale":"de_DE","og_type":"article","og_title":"Feux arri\u00e8res Facelift pour s\u00e9rie 5 G30\/G31\/G38 et (M5 F90)","og_description":"Feux Facelift LCI d\u2019origine BMW pour G30, G31\/G38 et M5 F90 (y compris installation et programmation\/codage). Rear LCI tail Ligt facelift 63135A2AEC0","og_url":"https:\/\/geno-prog.ch\/de\/produkt\/m5_f90_lci_led\/","og_site_name":"GenoProg","article_publisher":"https:\/\/www.facebook.com\/genoprog","article_modified_time":"2024-12-02T18:41:55+00:00","og_image":[{"width":2202,"height":1650,"url":"https:\/\/geno-prog.ch\/wp-content\/uploads\/2022\/05\/M5_F90_LCI_Light_LED.jpg","type":"image\/jpeg"}],"twitter_card":"summary_large_image","twitter_misc":{"Preis":"&#67;&#72;&#70;&nbsp;1,300.00","Verf\u00fcgbarkeit":"Auf Lager"},"schema":{"@context":"https:\/\/schema.org","@graph":[{"@type":"WebPage","@id":"https:\/\/geno-prog.ch\/produit\/m5_f90_lci_led\/","url":"https:\/\/geno-prog.ch\/produit\/m5_f90_lci_led\/","name":"Facelift-R\u00fcckleuchten f\u00fcr Serie 5 G30\/G31\/G38 und (M5 F90)","isPartOf":{"@id":"https:\/\/geno-prog.ch\/#website"},"primaryImageOfPage":{"@id":"https:\/\/geno-prog.ch\/produit\/m5_f90_lci_led\/#primaryimage"},"image":{"@id":"https:\/\/geno-prog.ch\/produit\/m5_f90_lci_led\/#primaryimage"},"thumbnailUrl":"https:\/\/geno-prog.ch\/wp-content\/uploads\/2022\/05\/M5_F90_LCI_Light_LED.jpg","datePublished":"2022-05-08T12:52:28+00:00","dateModified":"2024-12-02T18:41:55+00:00","description":"Original BMW LCI Facelift-Leuchten f\u00fcr G30, G31\/G38 und M5 F90 (inkl. Einbau und Programmierung\/Codierung). Rear LCI tail Ligt facelift 63135A2AEC0","breadcrumb":{"@id":"https:\/\/geno-prog.ch\/produit\/m5_f90_lci_led\/#breadcrumb"},"inLanguage":"de","potentialAction":[{"@type":"ReadAction","target":["https:\/\/geno-prog.ch\/produit\/m5_f90_lci_led\/"]}]},{"@type":"ImageObject","inLanguage":"de","@id":"https:\/\/geno-prog.ch\/produit\/m5_f90_lci_led\/#primaryimage","url":"https:\/\/geno-prog.ch\/wp-content\/uploads\/2022\/05\/M5_F90_LCI_Light_LED.jpg","contentUrl":"https:\/\/geno-prog.ch\/wp-content\/uploads\/2022\/05\/M5_F90_LCI_Light_LED.jpg","width":2202,"height":1650,"caption":"M5_F90_LCI_Light_LED"},{"@type":"BreadcrumbList","@id":"https:\/\/geno-prog.ch\/produit\/m5_f90_lci_led\/#breadcrumb","itemListElement":[{"@type":"ListItem","position":1,"name":"Accueil","item":"https:\/\/geno-prog.ch\/"},{"@type":"ListItem","position":2,"name":"T\u00e9l\u00e9chargements","item":"https:\/\/geno-prog.ch\/download\/"},{"@type":"ListItem","position":3,"name":"Feux arri\u00e8res Facelift pour s\u00e9rie 5 G30\/G31\/G38 et (M5 F90)"}]},{"@type":"WebSite","@id":"https:\/\/geno-prog.ch\/#website","url":"https:\/\/geno-prog.ch\/","name":"GenoProg","description":"Fachkraft f\u00fcr Kraftfahrzeugelektronik BMW \/ MINI","publisher":{"@id":"https:\/\/geno-prog.ch\/#organization"},"potentialAction":[{"@type":"SearchAction","target":{"@type":"EntryPoint","urlTemplate":"https:\/\/geno-prog.ch\/?s={search_term_string}"},"query-input":{"@type":"PropertyValueSpecification","valueRequired":true,"valueName":"search_term_string"}}],"inLanguage":"de"},{"@type":"Organization","@id":"https:\/\/geno-prog.ch\/#organization","name":"GenoProg","url":"https:\/\/geno-prog.ch\/","logo":{"@type":"ImageObject","inLanguage":"de","@id":"https:\/\/geno-prog.ch\/#\/schema\/logo\/image\/","url":"https:\/\/geno-prog.ch\/wp-content\/uploads\/2020\/03\/GenoProg_long.png","contentUrl":"https:\/\/geno-prog.ch\/wp-content\/uploads\/2020\/03\/GenoProg_long.png","width":3086,"height":803,"caption":"GenoProg"},"image":{"@id":"https:\/\/geno-prog.ch\/#\/schema\/logo\/image\/"},"sameAs":["https:\/\/www.facebook.com\/genoprog","https:\/\/www.instagram.com\/genoprog\/","https:\/\/www.youtube.com\/channel\/UC5a5VYzbWdsHNYm2Qtu1F2w"]}]},"product_brand":"external","product_price_amount":"1300.00","product_price_currency":"CHF","og_availability":"instock","product_availability":"instock","product_condition":"new"},"_links":{"self":[{"href":"https:\/\/geno-prog.ch\/de\/wp-json\/wp\/v2\/product\/33611","targetHints":{"allow":["GET"]}}],"collection":[{"href":"https:\/\/geno-prog.ch\/de\/wp-json\/wp\/v2\/product"}],"about":[{"href":"https:\/\/geno-prog.ch\/de\/wp-json\/wp\/v2\/types\/product"}],"wp:featuredmedia":[{"embeddable":true,"href":"https:\/\/geno-prog.ch\/de\/wp-json\/wp\/v2\/media\/33612"}],"wp:attachment":[{"href":"https:\/\/geno-prog.ch\/de\/wp-json\/wp\/v2\/media?parent=33611"}],"wp:term":[{"taxonomy":"product_brand","embeddable":true,"href":"https:\/\/geno-prog.ch\/de\/wp-json\/wp\/v2\/product_brand?post=33611"},{"taxonomy":"product_cat","embeddable":true,"href":"https:\/\/geno-prog.ch\/de\/wp-json\/wp\/v2\/product_cat?post=33611"},{"taxonomy":"product_tag","embeddable":true,"href":"https:\/\/geno-prog.ch\/de\/wp-json\/wp\/v2\/product_tag?post=33611"}],"curies":[{"name":"wp","href":"https:\/\/api.w.org\/{rel}","templated":true}]}}